{"id":1430,"date":"2023-04-24T12:49:01","date_gmt":"2023-04-24T17:49:01","guid":{"rendered":"https:\/\/ifachkraefte.com\/alemania\/"},"modified":"2023-11-14T13:09:22","modified_gmt":"2023-11-14T18:09:22","slug":"ueber-deutschland","status":"publish","type":"page","link":"https:\/\/ifachkraefte.com\/de\/ueber-deutschland\/","title":{"rendered":"Deutschland"},"content":{"rendered":"\t\t<div data-elementor-type=\"wp-page\" data-elementor-id=\"1430\" class=\"elementor elementor-1430 elementor-135\" data-elementor-post-type=\"page\">\n\t\t\t\t\t\t<section class=\"elementor-section elementor-top-section elementor-element elementor-element-a830121 elementor-section-height-full elementor-section-items-stretch elementor-section-boxed elementor-section-height-default\" data-id=\"a830121\" data-element_type=\"section\" data-e-type=\"section\" data-settings=\"{&quot;background_background&quot;:&quot;classic&quot;}\">\n\t\t\t\t\t\t\t<div class=\"elementor-background-overlay\"><\/div>\n\t\t\t\t\t\t\t<div class=\"elementor-container elementor-column-gap-default\">\n\t\t\t\t\t<div class=\"elementor-column elementor-col-100 elementor-top-column elementor-element elementor-element-a37534e elementor-invisible\" data-id=\"a37534e\" data-element_type=\"column\" data-e-type=\"column\" data-settings=\"{&quot;animation&quot;:&quot;fadeInUp&quot;}\">\n\t\t\t<div class=\"elementor-widget-wrap elementor-element-populated\">\n\t\t\t\t\t\t<div class=\"elementor-element elementor-element-cdbe039 elementor-widget elementor-widget-heading\" data-id=\"cdbe039\" data-element_type=\"widget\" data-e-type=\"widget\" data-widget_type=\"heading.default\">\n\t\t\t\t<div class=\"elementor-widget-container\">\n\t\t\t\t\t<h1 class=\"elementor-heading-title elementor-size-default\">Entdecke Fakten  <span style=\"color:#fff\">\u00fcber Deutschland<\/span><\/h1>\t\t\t\t<\/div>\n\t\t\t\t<\/div>\n\t\t\t\t<div class=\"elementor-element elementor-element-de08be4 elementor-widget__width-inherit elementor-widget-tablet__width-inherit elementor-widget elementor-widget-text-editor\" data-id=\"de08be4\" data-element_type=\"widget\" data-e-type=\"widget\" data-widget_type=\"text-editor.default\">\n\t\t\t\t<div class=\"elementor-widget-container\">\n\t\t\t\t\t\t\t\t\t<p>Damit du erfolgreich kommunizierst und Fakten \u00fcber Deutschland verstehen kannst, haben wir in unserem Programm ein Seminar zur Vorbereitung auf diese neue Kultur integriert.<\/p>\n<p>Unser Ziel ist deshalb, dass du dich seit deiner Ankunft in Deutschland wohl f\u00fchlst.<\/p>\n<p>Im Folgenden sind einige Beispiele dessen, was du in diesem Seminar lernen wirst.<\/p>\t\t\t\t\t\t\t\t<\/div>\n\t\t\t\t<\/div>\n\t\t\t\t<div class=\"elementor-element elementor-element-e09c377 elementor-align-center elementor-widget elementor-widget-lottie\" data-id=\"e09c377\" data-element_type=\"widget\" data-e-type=\"widget\" data-settings=\"{&quot;source_json&quot;:{&quot;url&quot;:&quot;https:\\\/\\\/ifachkraefte.com\\\/wp-content\\\/uploads\\\/2023\\\/04\\\/2JFFzdmC1W.json&quot;,&quot;id&quot;:312,&quot;size&quot;:&quot;&quot;,&quot;alt&quot;:&quot;&quot;,&quot;source&quot;:&quot;library&quot;},&quot;loop&quot;:&quot;yes&quot;,&quot;lazyload&quot;:&quot;yes&quot;,&quot;link_to&quot;:&quot;custom&quot;,&quot;custom_link&quot;:{&quot;url&quot;:&quot;#generalidades&quot;,&quot;is_external&quot;:&quot;&quot;,&quot;nofollow&quot;:&quot;&quot;,&quot;custom_attributes&quot;:&quot;&quot;},&quot;source&quot;:&quot;media_file&quot;,&quot;caption_source&quot;:&quot;none&quot;,&quot;trigger&quot;:&quot;arriving_to_viewport&quot;,&quot;viewport&quot;:{&quot;unit&quot;:&quot;%&quot;,&quot;size&quot;:&quot;&quot;,&quot;sizes&quot;:{&quot;start&quot;:0,&quot;end&quot;:100}},&quot;play_speed&quot;:{&quot;unit&quot;:&quot;px&quot;,&quot;size&quot;:1,&quot;sizes&quot;:[]},&quot;start_point&quot;:{&quot;unit&quot;:&quot;%&quot;,&quot;size&quot;:&quot;0&quot;,&quot;sizes&quot;:[]},&quot;end_point&quot;:{&quot;unit&quot;:&quot;%&quot;,&quot;size&quot;:&quot;100&quot;,&quot;sizes&quot;:[]},&quot;renderer&quot;:&quot;svg&quot;}\" data-widget_type=\"lottie.default\">\n\t\t\t\t<div class=\"elementor-widget-container\">\n\t\t\t\t\t<a class=\"e-lottie__container__link\" href=\"#generalidades\"><div class=\"e-lottie__container\"><div class=\"e-lottie__animation\"><\/div><\/div><\/a>\t\t\t\t<\/div>\n\t\t\t\t<\/div>\n\t\t\t\t\t<\/div>\n\t\t<\/div>\n\t\t\t\t\t<\/div>\n\t\t<\/section>\n\t\t\t\t<section class=\"elementor-section elementor-top-section elementor-element elementor-element-98e32e2 elementor-section-height-min-height elementor-section-boxed elementor-section-height-default elementor-section-items-middle\" data-id=\"98e32e2\" data-element_type=\"section\" data-e-type=\"section\" id=\"generalidades\" data-settings=\"{&quot;background_background&quot;:&quot;classic&quot;}\">\n\t\t\t\t\t\t\t<div class=\"elementor-background-overlay\"><\/div>\n\t\t\t\t\t\t\t<div class=\"elementor-container elementor-column-gap-default\">\n\t\t\t\t\t<div class=\"elementor-column elementor-col-50 elementor-top-column elementor-element elementor-element-fbbd4c5\" data-id=\"fbbd4c5\" data-element_type=\"column\" data-e-type=\"column\">\n\t\t\t<div class=\"elementor-widget-wrap\">\n\t\t\t\t\t\t\t<\/div>\n\t\t<\/div>\n\t\t\t\t<div class=\"elementor-column elementor-col-50 elementor-top-column elementor-element elementor-element-6909ae1 elementor-invisible\" data-id=\"6909ae1\" data-element_type=\"column\" data-e-type=\"column\" data-settings=\"{&quot;animation&quot;:&quot;fadeInRight&quot;}\">\n\t\t\t<div class=\"elementor-widget-wrap elementor-element-populated\">\n\t\t\t\t\t\t<div class=\"elementor-element elementor-element-73205bc elementor-widget elementor-widget-heading\" data-id=\"73205bc\" data-element_type=\"widget\" data-e-type=\"widget\" data-widget_type=\"heading.default\">\n\t\t\t\t<div class=\"elementor-widget-container\">\n\t\t\t\t\t<h2 class=\"elementor-heading-title elementor-size-default\">Allgemeine Informationen \u00fcber Deutschland<\/h2>\t\t\t\t<\/div>\n\t\t\t\t<\/div>\n\t\t\t\t<div class=\"elementor-element elementor-element-a351c97 elementor-widget-tablet__width-initial custom-tab elementor-widget elementor-widget-eael-adv-accordion\" data-id=\"a351c97\" data-element_type=\"widget\" data-e-type=\"widget\" data-widget_type=\"eael-adv-accordion.default\">\n\t\t\t\t<div class=\"elementor-widget-container\">\n\t\t\t\t\t            <div class=\"eael-adv-accordion\" id=\"eael-adv-accordion-a351c97\" data-scroll-on-click=\"no\" data-scroll-speed=\"300\" data-custom-id-offset=\"100\" data-accordion-id=\"a351c97\" data-accordion-type=\"accordion\" data-toogle-speed=\"300\">\n            <div class=\"eael-accordion-list\">\n\t\t\t\t\t<div id=\"pnktlichkeit\" class=\"elementor-tab-title eael-accordion-header active-default\" tabindex=\"0\" data-tab=\"1\" aria-controls=\"elementor-tab-content-1711\"><span class=\"eael-accordion-tab-title\">P\u00fcnktlichkeit<\/span><i aria-hidden=\"true\" class=\"fa-toggle fas fa-chevron-down\"><\/i><\/div><div id=\"elementor-tab-content-1711\" class=\"eael-accordion-content clearfix active-default\" data-tab=\"1\" aria-labelledby=\"pnktlichkeit\"><p>Die Deutschen zeichnen sich durch ihre P\u00fcnktlichkeit und Organisiertheit aus. Dies gilt nicht nur f\u00fcr ihr Berufsleben, sondern auch f\u00fcr ihr Privatleben. Daher legen sie gro\u00dfen Wert auf diese beiden Eigenschaften.<\/p>\n<\/div>\n\t\t\t\t\t<\/div><div class=\"eael-accordion-list\">\n\t\t\t\t\t<div id=\"kommunikation\" class=\"elementor-tab-title eael-accordion-header\" tabindex=\"0\" data-tab=\"2\" aria-controls=\"elementor-tab-content-1712\"><span class=\"eael-accordion-tab-title\">Kommunikation<\/span><i aria-hidden=\"true\" class=\"fa-toggle fas fa-chevron-down\"><\/i><\/div><div id=\"elementor-tab-content-1712\" class=\"eael-accordion-content clearfix\" data-tab=\"2\" aria-labelledby=\"kommunikation\"><p><span style=\"font-weight: 400\">In vielen L\u00e4ndern Lateinamerikas ist es \u00fcblich, unangenehme Themen wie Kritik oder Unzufriedenheit auf eine indirekte und m\u00f6glichst schonende Weise an den Empf\u00e4nger zu \u00fcbermitteln. In Deutschland werden diese Probleme jedoch direkt angesprochen. Wenn jemand mit einer Person oder einem Service unzufrieden ist, wird dies sofort angesprochen.<\/span><\/p>\n<\/div>\n\t\t\t\t\t<\/div><div class=\"eael-accordion-list\">\n\t\t\t\t\t<div id=\"klima\" class=\"elementor-tab-title eael-accordion-header\" tabindex=\"0\" data-tab=\"3\" aria-controls=\"elementor-tab-content-1713\"><span class=\"eael-accordion-tab-title\">Klima<\/span><i aria-hidden=\"true\" class=\"fa-toggle fas fa-chevron-down\"><\/i><\/div><div id=\"elementor-tab-content-1713\" class=\"eael-accordion-content clearfix\" data-tab=\"3\" aria-labelledby=\"klima\"><p><span><strong>Winter:<\/strong><\/p>\n<p>Super, die Sonne scheint! Sonne allein bedeutet jedoch nicht unbedingt das es drau\u00dfen warm ist. Im Winter hat die Sonne nicht so viel Kraft, daher wirst du trotz des Sonnenscheins K\u00e4lte versp\u00fcren, wenn du nach drau\u00dfen gehst. Also gehe nicht ohne Jacke aus.<\/p>\n<p>Du ben\u00f6tigst angemessene Winterkleidung (Schuhe, Hosen, Jacke, Handschuhe, M\u00fctze und Schal). Das Erlernen des richtigen Anziehens f\u00fcr den Winter wird verhindern, dass du sehr frierst und dich erk\u00e4ltest.<\/p>\n<p><\/span><\/p>\n<p><span><strong>Fr\u00fchling:<\/strong><\/p>\n<p>Die Tage werden l\u00e4nger und das Wetter wird allm\u00e4hlich w\u00e4rmer.<\/p>\n<p>&#8222;April macht, was er will&#8220; ist ein deutsches Sprichwort \u00fcber diesen Monat, da es in diesem Monat sowohl sehr warme Tage als auch St\u00fcrme, viel Regen oder sogar Schneefall geben kann.<\/span><\/p>\n<p>&nbsp;<\/p>\n<p><span><strong>Sommer:<\/strong><\/p>\n<p>Am 21.06. ist der l\u00e4ngste Tag des Jahres, an diesem Tag kann man die Sonne bis fast 22 Uhr abends sehen.<\/p>\n<p>An manchen Sommertagen k\u00f6nnen die Temperaturen \u00fcber 40 Grad Celsius erreichen.<\/span><\/p>\n<p>&nbsp;<\/p>\n<p><span><strong>Herbst:<\/strong><\/p>\n<p>Die Tage werden immer k\u00fcrzer.<\/p>\n<p>&#8222;Goldener Oktober&#8220;, ein weiteres deutsches Sprichwort. Der Herbst ist wundersch\u00f6n, die Bl\u00e4tter der B\u00e4ume werden rot und gelb, es entstehen traumhafte Landschaften.<\/span><\/p>\n<\/div>\n\t\t\t\t\t<\/div><div class=\"eael-accordion-list\">\n\t\t\t\t\t<div id=\"arbeitsvertrge\" class=\"elementor-tab-title eael-accordion-header\" tabindex=\"0\" data-tab=\"4\" aria-controls=\"elementor-tab-content-1714\"><span class=\"eael-accordion-tab-title\">Arbeitsvertr\u00e4ge<\/span><i aria-hidden=\"true\" class=\"fa-toggle fas fa-chevron-down\"><\/i><\/div><div id=\"elementor-tab-content-1714\" class=\"eael-accordion-content clearfix\" data-tab=\"4\" aria-labelledby=\"arbeitsvertrge\"><p><span><strong>Gehalt:<\/strong> Der Mindestlohn in Deutschland f\u00fcr das Jahr 2023 betr\u00e4gt 1920 Euro brutto. Eine Krankenpflegehelferin hat einen Mindestlohn von 2224 Euro brutto und eine Krankenschwester\/ ein Krankenpfleger hat einen Mindestlohn von 2824 Euro brutto.<\/p>\n<p><strong>Sozialversicherung:<\/strong> Die Krankenversicherung, die Pflegeversicherung, die Rentenversicherung, die Unfallversicherung und die Arbeitslosenversicherung. Die Kosten f\u00fcr diese Versicherungen werden gemeinsam von Arbeitgeber und Arbeitnehmer getragen.<\/span><\/p>\n<\/div>\n\t\t\t\t\t<\/div><div class=\"eael-accordion-list\">\n\t\t\t\t\t<div id=\"arbeitszeit\" class=\"elementor-tab-title eael-accordion-header\" tabindex=\"0\" data-tab=\"5\" aria-controls=\"elementor-tab-content-1715\"><span class=\"eael-accordion-tab-title\">Arbeitszeit<\/span><i aria-hidden=\"true\" class=\"fa-toggle fas fa-chevron-down\"><\/i><\/div><div id=\"elementor-tab-content-1715\" class=\"eael-accordion-content clearfix\" data-tab=\"5\" aria-labelledby=\"arbeitszeit\"><p><span>Normal sind 8 Stunden Arbeit am Tag. Einige Arbeitsbereiche arbeiten im Schichtbetrieb: Fr\u00fchschicht, Sp\u00e4tschicht und Nachtschicht.<\/p>\n<p><strong>Arbeitsstunden:<\/strong> Eine Vollzeitbesch\u00e4ftigung in Deutschland umfasst in der Regel eine w\u00f6chentliche Arbeitszeit von 35 bis 40 Stunden.<\/p>\n<p><strong>Urlaub:<\/strong> Der j\u00e4hrliche Urlaubsanspruch kann auch vom Alter des Arbeitnehmers abh\u00e4ngen. Der Urlaubsanspruch liegt in der Regel zwischen 28 und 30 Tagen.<\/span><\/p>\n<\/div>\n\t\t\t\t\t<\/div><\/div>\t\t\t\t<\/div>\n\t\t\t\t<\/div>\n\t\t\t\t\t<\/div>\n\t\t<\/div>\n\t\t\t\t\t<\/div>\n\t\t<\/section>\n\t\t\t\t<section class=\"elementor-section elementor-top-section elementor-element elementor-element-bb77b30 elementor-section-height-min-height elementor-section-boxed elementor-section-height-default elementor-section-items-middle\" data-id=\"bb77b30\" data-element_type=\"section\" data-e-type=\"section\" data-settings=\"{&quot;background_background&quot;:&quot;classic&quot;}\">\n\t\t\t\t\t\t\t<div class=\"elementor-background-overlay\"><\/div>\n\t\t\t\t\t\t\t<div class=\"elementor-container elementor-column-gap-default\">\n\t\t\t\t\t<div class=\"elementor-column elementor-col-50 elementor-top-column elementor-element elementor-element-748fba3 elementor-invisible\" data-id=\"748fba3\" data-element_type=\"column\" data-e-type=\"column\" data-settings=\"{&quot;animation&quot;:&quot;fadeInLeft&quot;}\">\n\t\t\t<div class=\"elementor-widget-wrap elementor-element-populated\">\n\t\t\t\t\t\t<div class=\"elementor-element elementor-element-f17fd13 elementor-position-left elementor-vertical-align-top elementor-widget elementor-widget-image-box\" data-id=\"f17fd13\" data-element_type=\"widget\" data-e-type=\"widget\" data-widget_type=\"image-box.default\">\n\t\t\t\t<div class=\"elementor-widget-container\">\n\t\t\t\t\t<div class=\"elementor-image-box-wrapper\"><figure class=\"elementor-image-box-img\"><img decoding=\"async\" width=\"73\" height=\"72\" src=\"https:\/\/ifachkraefte.com\/wp-content\/uploads\/2023\/04\/portal-para-empresas.svg\" class=\"attachment-full size-full wp-image-239\" alt=\"Empleo Alemania Empleos Alemania Trabajo Alemania Trabajos en Alemania Web empleo Alemania\" \/><\/figure><div class=\"elementor-image-box-content\"><h2 class=\"elementor-image-box-title\"><span class=\"span-h2\">UNTERNEHMENS-PORTAL<\/span><\/h2><\/div><\/div>\t\t\t\t<\/div>\n\t\t\t\t<\/div>\n\t\t\t\t<div class=\"elementor-element elementor-element-cc46ca9 elementor-widget__width-initial elementor-widget elementor-widget-text-editor\" data-id=\"cc46ca9\" data-element_type=\"widget\" data-e-type=\"widget\" data-widget_type=\"text-editor.default\">\n\t\t\t\t<div class=\"elementor-widget-container\">\n\t\t\t\t\t\t\t\t\t<p>Wir f\u00fchlen uns unseren <strong>Unternehmen und Institutionen<\/strong> verpflichtet.<\/p>\n\t\t\t\t\t\t\t\t<\/div>\n\t\t\t\t<\/div>\n\t\t\t\t<div class=\"elementor-element elementor-element-fda9998 elementor-widget elementor-widget-button\" data-id=\"fda9998\" data-element_type=\"widget\" data-e-type=\"widget\" data-widget_type=\"button.default\">\n\t\t\t\t<div class=\"elementor-widget-container\">\n\t\t\t\t\t\t\t\t\t<div class=\"elementor-button-wrapper\">\n\t\t\t\t\t<a class=\"elementor-button elementor-button-link elementor-size-sm\" href=\"https:\/\/docs.google.com\/forms\/d\/e\/1FAIpQLSfeLET4wpbk7ZiW-ehkrLsuLWZrBa_yps4CAMvnUB9TKZ4lEA\/viewform?usp=sf_link\" target=\"_blank\">\n\t\t\t\t\t\t<span class=\"elementor-button-content-wrapper\">\n\t\t\t\t\t\t\t\t\t<span class=\"elementor-button-text\">Erfahre mehr!<\/span>\n\t\t\t\t\t<\/span>\n\t\t\t\t\t<\/a>\n\t\t\t\t<\/div>\n\t\t\t\t\t\t\t\t<\/div>\n\t\t\t\t<\/div>\n\t\t\t\t\t<\/div>\n\t\t<\/div>\n\t\t\t\t<div class=\"elementor-column elementor-col-50 elementor-top-column elementor-element elementor-element-723a4d9 elementor-hidden-mobile\" data-id=\"723a4d9\" data-element_type=\"column\" data-e-type=\"column\">\n\t\t\t<div class=\"elementor-widget-wrap\">\n\t\t\t\t\t\t\t<\/div>\n\t\t<\/div>\n\t\t\t\t\t<\/div>\n\t\t<\/section>\n\t\t\t\t<\/div>\n\t\t","protected":false},"excerpt":{"rendered":"<p>Entdecke Fakten \u00fcber Deutschland Damit du erfolgreich kommunizierst und Fakten \u00fcber Deutschland verstehen kannst, haben wir in unserem Programm ein Seminar zur Vorbereitung auf diese neue Kultur integriert. Unser Ziel ist deshalb, dass du dich seit deiner Ankunft in Deutschland wohl f\u00fchlst. Im Folgenden sind einige Beispiele dessen, was du in diesem Seminar lernen wirst. [&hellip;]<\/p>\n","protected":false},"author":3,"featured_media":0,"parent":0,"menu_order":0,"comment_status":"closed","ping_status":"closed","template":"elementor_header_footer","meta":{"footnotes":""},"class_list":["post-1430","page","type-page","status-publish","hentry"],"yoast_head":"<!-- This site is optimized with the Yoast SEO plugin v27.4 - https:\/\/yoast.com\/product\/yoast-seo-wordpress\/ -->\n<title>\u00dcber Deutschland - Jobs f\u00fcr ausl\u00e4ndische Fachkr\u00e4fte<\/title>\n<meta name=\"description\" content=\"Entdecke Fakten \u00fcber Deutschland, dein neues Land zum Leben und Arbeiten in einer sicheren und zuverl\u00e4ssigen Umgebung.\" \/>\n<meta name=\"robots\" content=\"index, follow, max-snippet:-1, max-image-preview:large, max-video-preview:-1\" \/>\n<link rel=\"canonical\" href=\"https:\/\/ifachkraefte.com\/de\/ueber-deutschland\/\" \/>\n<meta property=\"og:locale\" content=\"de_DE\" \/>\n<meta property=\"og:type\" content=\"article\" \/>\n<meta property=\"og:title\" content=\"\u00dcber Deutschland - Jobs f\u00fcr ausl\u00e4ndische Fachkr\u00e4fte\" \/>\n<meta property=\"og:description\" content=\"Entdecke Fakten \u00fcber Deutschland, dein neues Land zum Leben und Arbeiten in einer sicheren und zuverl\u00e4ssigen Umgebung.\" \/>\n<meta property=\"og:url\" content=\"https:\/\/ifachkraefte.com\/de\/ueber-deutschland\/\" \/>\n<meta property=\"og:site_name\" content=\"Ifachkraefte\" \/>\n<meta property=\"article:publisher\" content=\"https:\/\/www.facebook.com\/profile.php?id=100090124939732\" \/>\n<meta property=\"article:modified_time\" content=\"2023-11-14T18:09:22+00:00\" \/>\n<meta property=\"og:image\" content=\"https:\/\/ifachkraefte.com\/wp-content\/uploads\/2023\/04\/portal-para-empresas.svg\" \/>\n<meta name=\"twitter:card\" content=\"summary_large_image\" \/>\n<meta name=\"twitter:label1\" content=\"Gesch\u00e4tzte Lesezeit\" \/>\n\t<meta name=\"twitter:data1\" content=\"3\u00a0Minuten\" \/>\n<script type=\"application\/ld+json\" class=\"yoast-schema-graph\">{\"@context\":\"https:\\\/\\\/schema.org\",\"@graph\":[{\"@type\":\"WebPage\",\"@id\":\"https:\\\/\\\/ifachkraefte.com\\\/de\\\/ueber-deutschland\\\/\",\"url\":\"https:\\\/\\\/ifachkraefte.com\\\/de\\\/ueber-deutschland\\\/\",\"name\":\"\u00dcber Deutschland - Jobs f\u00fcr ausl\u00e4ndische Fachkr\u00e4fte\",\"isPartOf\":{\"@id\":\"https:\\\/\\\/ifachkraefte.com\\\/#website\"},\"primaryImageOfPage\":{\"@id\":\"https:\\\/\\\/ifachkraefte.com\\\/de\\\/ueber-deutschland\\\/#primaryimage\"},\"image\":{\"@id\":\"https:\\\/\\\/ifachkraefte.com\\\/de\\\/ueber-deutschland\\\/#primaryimage\"},\"thumbnailUrl\":\"https:\\\/\\\/ifachkraefte.com\\\/wp-content\\\/uploads\\\/2023\\\/04\\\/portal-para-empresas.svg\",\"datePublished\":\"2023-04-24T17:49:01+00:00\",\"dateModified\":\"2023-11-14T18:09:22+00:00\",\"description\":\"Entdecke Fakten \u00fcber Deutschland, dein neues Land zum Leben und Arbeiten in einer sicheren und zuverl\u00e4ssigen Umgebung.\",\"breadcrumb\":{\"@id\":\"https:\\\/\\\/ifachkraefte.com\\\/de\\\/ueber-deutschland\\\/#breadcrumb\"},\"inLanguage\":\"de\",\"potentialAction\":[{\"@type\":\"ReadAction\",\"target\":[\"https:\\\/\\\/ifachkraefte.com\\\/de\\\/ueber-deutschland\\\/\"]}]},{\"@type\":\"ImageObject\",\"inLanguage\":\"de\",\"@id\":\"https:\\\/\\\/ifachkraefte.com\\\/de\\\/ueber-deutschland\\\/#primaryimage\",\"url\":\"https:\\\/\\\/ifachkraefte.com\\\/wp-content\\\/uploads\\\/2023\\\/04\\\/portal-para-empresas.svg\",\"contentUrl\":\"https:\\\/\\\/ifachkraefte.com\\\/wp-content\\\/uploads\\\/2023\\\/04\\\/portal-para-empresas.svg\"},{\"@type\":\"BreadcrumbList\",\"@id\":\"https:\\\/\\\/ifachkraefte.com\\\/de\\\/ueber-deutschland\\\/#breadcrumb\",\"itemListElement\":[{\"@type\":\"ListItem\",\"position\":1,\"name\":\"Portada\",\"item\":\"https:\\\/\\\/ifachkraefte.com\\\/de\\\/\"},{\"@type\":\"ListItem\",\"position\":2,\"name\":\"Deutschland\"}]},{\"@type\":\"WebSite\",\"@id\":\"https:\\\/\\\/ifachkraefte.com\\\/#website\",\"url\":\"https:\\\/\\\/ifachkraefte.com\\\/\",\"name\":\"Ifachkraefte\",\"description\":\"\",\"publisher\":{\"@id\":\"https:\\\/\\\/ifachkraefte.com\\\/#organization\"},\"potentialAction\":[{\"@type\":\"SearchAction\",\"target\":{\"@type\":\"EntryPoint\",\"urlTemplate\":\"https:\\\/\\\/ifachkraefte.com\\\/?s={search_term_string}\"},\"query-input\":{\"@type\":\"PropertyValueSpecification\",\"valueRequired\":true,\"valueName\":\"search_term_string\"}}],\"inLanguage\":\"de\"},{\"@type\":\"Organization\",\"@id\":\"https:\\\/\\\/ifachkraefte.com\\\/#organization\",\"name\":\"Ifachkraefte\",\"url\":\"https:\\\/\\\/ifachkraefte.com\\\/\",\"logo\":{\"@type\":\"ImageObject\",\"inLanguage\":\"de\",\"@id\":\"https:\\\/\\\/ifachkraefte.com\\\/#\\\/schema\\\/logo\\\/image\\\/\",\"url\":\"https:\\\/\\\/ifachkraefte.com\\\/wp-content\\\/uploads\\\/2023\\\/01\\\/Logo-\u2022-iFachkrafte-13-1-e1673631028921.png\",\"contentUrl\":\"https:\\\/\\\/ifachkraefte.com\\\/wp-content\\\/uploads\\\/2023\\\/01\\\/Logo-\u2022-iFachkrafte-13-1-e1673631028921.png\",\"width\":251,\"height\":68,\"caption\":\"Ifachkraefte\"},\"image\":{\"@id\":\"https:\\\/\\\/ifachkraefte.com\\\/#\\\/schema\\\/logo\\\/image\\\/\"},\"sameAs\":[\"https:\\\/\\\/www.facebook.com\\\/profile.php?id=100090124939732\",\"https:\\\/\\\/www.instagram.com\\\/ifachkraefte\\\/\"]}]}<\/script>\n<!-- \/ Yoast SEO plugin. -->","yoast_head_json":{"title":"\u00dcber Deutschland - Jobs f\u00fcr ausl\u00e4ndische Fachkr\u00e4fte","description":"Entdecke Fakten \u00fcber Deutschland, dein neues Land zum Leben und Arbeiten in einer sicheren und zuverl\u00e4ssigen Umgebung.","robots":{"index":"index","follow":"follow","max-snippet":"max-snippet:-1","max-image-preview":"max-image-preview:large","max-video-preview":"max-video-preview:-1"},"canonical":"https:\/\/ifachkraefte.com\/de\/ueber-deutschland\/","og_locale":"de_DE","og_type":"article","og_title":"\u00dcber Deutschland - Jobs f\u00fcr ausl\u00e4ndische Fachkr\u00e4fte","og_description":"Entdecke Fakten \u00fcber Deutschland, dein neues Land zum Leben und Arbeiten in einer sicheren und zuverl\u00e4ssigen Umgebung.","og_url":"https:\/\/ifachkraefte.com\/de\/ueber-deutschland\/","og_site_name":"Ifachkraefte","article_publisher":"https:\/\/www.facebook.com\/profile.php?id=100090124939732","article_modified_time":"2023-11-14T18:09:22+00:00","og_image":[{"url":"https:\/\/ifachkraefte.com\/wp-content\/uploads\/2023\/04\/portal-para-empresas.svg","type":"","width":"","height":""}],"twitter_card":"summary_large_image","twitter_misc":{"Gesch\u00e4tzte Lesezeit":"3\u00a0Minuten"},"schema":{"@context":"https:\/\/schema.org","@graph":[{"@type":"WebPage","@id":"https:\/\/ifachkraefte.com\/de\/ueber-deutschland\/","url":"https:\/\/ifachkraefte.com\/de\/ueber-deutschland\/","name":"\u00dcber Deutschland - Jobs f\u00fcr ausl\u00e4ndische Fachkr\u00e4fte","isPartOf":{"@id":"https:\/\/ifachkraefte.com\/#website"},"primaryImageOfPage":{"@id":"https:\/\/ifachkraefte.com\/de\/ueber-deutschland\/#primaryimage"},"image":{"@id":"https:\/\/ifachkraefte.com\/de\/ueber-deutschland\/#primaryimage"},"thumbnailUrl":"https:\/\/ifachkraefte.com\/wp-content\/uploads\/2023\/04\/portal-para-empresas.svg","datePublished":"2023-04-24T17:49:01+00:00","dateModified":"2023-11-14T18:09:22+00:00","description":"Entdecke Fakten \u00fcber Deutschland, dein neues Land zum Leben und Arbeiten in einer sicheren und zuverl\u00e4ssigen Umgebung.","breadcrumb":{"@id":"https:\/\/ifachkraefte.com\/de\/ueber-deutschland\/#breadcrumb"},"inLanguage":"de","potentialAction":[{"@type":"ReadAction","target":["https:\/\/ifachkraefte.com\/de\/ueber-deutschland\/"]}]},{"@type":"ImageObject","inLanguage":"de","@id":"https:\/\/ifachkraefte.com\/de\/ueber-deutschland\/#primaryimage","url":"https:\/\/ifachkraefte.com\/wp-content\/uploads\/2023\/04\/portal-para-empresas.svg","contentUrl":"https:\/\/ifachkraefte.com\/wp-content\/uploads\/2023\/04\/portal-para-empresas.svg"},{"@type":"BreadcrumbList","@id":"https:\/\/ifachkraefte.com\/de\/ueber-deutschland\/#breadcrumb","itemListElement":[{"@type":"ListItem","position":1,"name":"Portada","item":"https:\/\/ifachkraefte.com\/de\/"},{"@type":"ListItem","position":2,"name":"Deutschland"}]},{"@type":"WebSite","@id":"https:\/\/ifachkraefte.com\/#website","url":"https:\/\/ifachkraefte.com\/","name":"Ifachkraefte","description":"","publisher":{"@id":"https:\/\/ifachkraefte.com\/#organization"},"potentialAction":[{"@type":"SearchAction","target":{"@type":"EntryPoint","urlTemplate":"https:\/\/ifachkraefte.com\/?s={search_term_string}"},"query-input":{"@type":"PropertyValueSpecification","valueRequired":true,"valueName":"search_term_string"}}],"inLanguage":"de"},{"@type":"Organization","@id":"https:\/\/ifachkraefte.com\/#organization","name":"Ifachkraefte","url":"https:\/\/ifachkraefte.com\/","logo":{"@type":"ImageObject","inLanguage":"de","@id":"https:\/\/ifachkraefte.com\/#\/schema\/logo\/image\/","url":"https:\/\/ifachkraefte.com\/wp-content\/uploads\/2023\/01\/Logo-\u2022-iFachkrafte-13-1-e1673631028921.png","contentUrl":"https:\/\/ifachkraefte.com\/wp-content\/uploads\/2023\/01\/Logo-\u2022-iFachkrafte-13-1-e1673631028921.png","width":251,"height":68,"caption":"Ifachkraefte"},"image":{"@id":"https:\/\/ifachkraefte.com\/#\/schema\/logo\/image\/"},"sameAs":["https:\/\/www.facebook.com\/profile.php?id=100090124939732","https:\/\/www.instagram.com\/ifachkraefte\/"]}]}},"_links":{"self":[{"href":"https:\/\/ifachkraefte.com\/de\/wp-json\/wp\/v2\/pages\/1430","targetHints":{"allow":["GET"]}}],"collection":[{"href":"https:\/\/ifachkraefte.com\/de\/wp-json\/wp\/v2\/pages"}],"about":[{"href":"https:\/\/ifachkraefte.com\/de\/wp-json\/wp\/v2\/types\/page"}],"author":[{"embeddable":true,"href":"https:\/\/ifachkraefte.com\/de\/wp-json\/wp\/v2\/users\/3"}],"replies":[{"embeddable":true,"href":"https:\/\/ifachkraefte.com\/de\/wp-json\/wp\/v2\/comments?post=1430"}],"version-history":[{"count":24,"href":"https:\/\/ifachkraefte.com\/de\/wp-json\/wp\/v2\/pages\/1430\/revisions"}],"predecessor-version":[{"id":2372,"href":"https:\/\/ifachkraefte.com\/de\/wp-json\/wp\/v2\/pages\/1430\/revisions\/2372"}],"wp:attachment":[{"href":"https:\/\/ifachkraefte.com\/de\/wp-json\/wp\/v2\/media?parent=1430"}],"curies":[{"name":"wp","href":"https:\/\/api.w.org\/{rel}","templated":true}]}}