{"id":1412,"date":"2023-05-12T10:38:16","date_gmt":"2023-05-12T15:38:16","guid":{"rendered":"https:\/\/ifachkraefte.com\/proteccion-de-datos\/"},"modified":"2023-11-14T13:25:54","modified_gmt":"2023-11-14T18:25:54","slug":"datenschutzerklaerung","status":"publish","type":"page","link":"https:\/\/ifachkraefte.com\/de\/datenschutzerklaerung\/","title":{"rendered":"Datenschutzerkl\u00e4rung"},"content":{"rendered":"\t\t<div data-elementor-type=\"wp-page\" data-elementor-id=\"1412\" class=\"elementor elementor-1412 elementor-973\" data-elementor-post-type=\"page\">\n\t\t\t\t\t\t<section class=\"elementor-section elementor-top-section elementor-element elementor-element-d320bb1 elementor-section-boxed elementor-section-height-default elementor-section-height-default\" data-id=\"d320bb1\" data-element_type=\"section\" data-e-type=\"section\">\n\t\t\t\t\t\t<div class=\"elementor-container elementor-column-gap-default\">\n\t\t\t\t\t<div class=\"elementor-column elementor-col-100 elementor-top-column elementor-element elementor-element-1e226add\" data-id=\"1e226add\" data-element_type=\"column\" data-e-type=\"column\">\n\t\t\t<div class=\"elementor-widget-wrap elementor-element-populated\">\n\t\t\t\t\t\t<div class=\"elementor-element elementor-element-c188d5d elementor-widget elementor-widget-heading\" data-id=\"c188d5d\" data-element_type=\"widget\" data-e-type=\"widget\" data-widget_type=\"heading.default\">\n\t\t\t\t<div class=\"elementor-widget-container\">\n\t\t\t\t\t<h1 class=\"elementor-heading-title elementor-size-default\">Datenschutzerkl\u00e4rung<\/h1>\t\t\t\t<\/div>\n\t\t\t\t<\/div>\n\t\t\t\t<div class=\"elementor-element elementor-element-6cb85282 elementor-widget elementor-widget-text-editor\" data-id=\"6cb85282\" data-element_type=\"widget\" data-e-type=\"widget\" data-widget_type=\"text-editor.default\">\n\t\t\t\t<div class=\"elementor-widget-container\">\n\t\t\t\t\t\t\t\t\t<p><b>Datenschutzerkl\u00e4rung &#8211; Bei Interesse an unserem Programm bitte Daten <a href=\"https:\/\/forms.gle\/7AbaLCRt6PcU89B37\">hier ausf\u00fcllen.\u00a0<\/a><\/b><\/p><h3><b style=\"color: #00477f;\">\u00a0 \u00a0 1.Datenschutz auf einen Blick<\/b><\/h3><p><span style=\"font-weight: 400;\">Allgemeine Hinweise Datensch\u00fctzerkl\u00e4rung<\/span><\/p><p><span style=\"font-weight: 400;\">Die folgenden Hinweise geben einen einfachen \u00dcberblick dar\u00fcber, was mit Ihren personenbezogenen Daten passiert, wenn Sie diese Website besuchen. Personenbezogene Daten sind alle Daten, mit denen Siepers\u00f6nlich identifiziert werden k\u00f6nnen. Ausf\u00fchrliche Informationen zum Thema Datenschutz entnehmenSie unserer unter diesem Text aufgef\u00fchrten Datenschutzerkl\u00e4rung.<\/span><\/p><p><span style=\"font-weight: 400;\">Datenerfassung auf dieser Website<\/span><\/p><p><span style=\"font-weight: 400;\">Wer ist verantwortlich f\u00fcr die Datenerfassung auf dieser Website?<\/span><\/p><p><span style=\"font-weight: 400;\">Die Datenverarbeitung auf dieser Website erfolgt durch den <a href=\"http:\/\/ifachkraefte.com\">Websitebetreiber.<\/a> Dessen Kontaktdaten k\u00f6nnen Sie dem Abschnitt \u201eHinweis zur Verantwortlichen Stelle\u201c in dieser Datenschutzerkl\u00e4rung entnehmen.<\/span><\/p><p><span style=\"font-weight: 400;\">Wie erfassen wir Ihre Daten?<\/span><\/p><p><span style=\"font-weight: 400;\">Ihre Daten werden zum einen dadurch erhoben, dass Sie uns diese mitteilen. Hierbei kann es sich z.B. um Daten handeln, die Sie in ein Kontaktformular eingeben.<\/span><\/p><p><span style=\"font-weight: 400;\">Andere Daten werden automatisch oder nach Ihrer Einwilligung beim Besuch der Website durch unsere IT- Systeme erfasst. Das sind vor allem technische Daten (z. B. Internetbrowser, Betriebssystem oder Uhrzeit des Seitenaufrufs). Die Erfassung dieser Daten erfolgt automatisch, sobald Sie diese Website betreten.<\/span><\/p><p><span style=\"font-weight: 400;\">Wof\u00fcr nutzen wir Ihre Daten?<\/span><\/p><p><span style=\"font-weight: 400;\">Ein Teil der Daten wird erhoben, um eine fehlerfreie Bereitstellung der Website zu gew\u00e4hrleisten. Andere Daten k\u00f6nnen zur Analyse Ihres Nutzerverhaltens verwendet werden.<\/span><\/p><p><span style=\"font-weight: 400;\">Welche Rechte haben Sie bez\u00fcglich Ihrer Daten?<\/span><\/p><p><span style=\"font-weight: 400;\">Sie haben jederzeit das Recht, unentgeltlich Auskunft \u00fcber Herkunft, Empf\u00e4nger und Zweck Ihrer gespeicherten personenbezogenen Daten zu erhalten. Sie haben au\u00dferdem ein Recht, die Berichtigung oder L\u00f6schung dieser Daten zu verlangen. Wenn Sie eine Einwilligung zur Datenverarbeitung erteilt haben, k\u00f6nnen Sie diese Einwilligung jederzeit f\u00fcr die Zukunft widerrufen. Au\u00dferdem haben Sie das Recht, bestimmten Umst\u00e4nden die Einschr\u00e4nkung der Verarbeitung Ihrer personenbezogenen Daten zu verlangen.<\/span><\/p><p><span style=\"font-weight: 400;\">Des Weiteren steht Ihnen ein Beschwerderecht bei der zust\u00e4ndigen Aufsichtsbeh\u00f6rde zu.<\/span><\/p><p><span style=\"font-weight: 400;\">Hierzu sowie zu weiteren Fragen zum Thema Datenschutz k\u00f6nnen Sie sich jederzeit an uns wenden.<\/span><\/p><p><span style=\"color: #00477f;\"><b>Analyse-Tools und Tools von Drittanbietern<\/b><\/span><\/p><p><span style=\"font-weight: 400;\">Beim Besuch dieser Website kann Ihr Surf-Verhalten statistisch ausgewertet werden. Das geschieht vor allem mit sogenannten Analyseprogrammen.<\/span><\/p><p><span style=\"font-weight: 400;\">Detaillierte Informationen zu diesen Analyseprogrammen finden Sie in der folgenden Datenschutzerkl\u00e4rung.<\/span><\/p><h3><span style=\"color: #00477f;\"><b>\u00a0 \u00a0 2. Hosting<\/b><\/span><\/h3><p><span style=\"font-weight: 400;\">Wir hosten die Inhalte unserer Website bei folgendem Anbieter:<\/span><\/p><p><span style=\"font-weight: 400;\">Externes Hosting<\/span><\/p><p><span style=\"font-weight: 400;\">Diese Website wird extern gehostet. Die personenbezogenen Daten, die auf dieser Website erfasst werden, werden auf den Servern des Hosters \/ der Hoster gespeichert. Hierbei kann es sich v. a. um IP-Adressen, Kontaktanfragen, Meta- und Kommunikationsdaten, Vertragsdaten, Kontaktdaten, Namen, Websitezugriffe und sonstige Daten, die \u00fcber eine Website generiert werden, handeln.<\/span><\/p><p><span style=\"font-weight: 400;\">Das externe Hosting erfolgt zum Zwecke der Vertragserf\u00fcllung gegen\u00fcber unseren potenziellen und bestehenden Kunden (Art. 6 Abs. 1 lit. b DSGVO) und im Interesse einer sicheren, schnellen und effizienten Bereitstellung unseres Online-Angebots durch einen professionellen Anbieter (Art. 6 Abs. 1 lit. f DSGVO).<\/span><\/p><p><span style=\"font-weight: 400;\">Sofern eine entsprechende Einwilligung abgefragt wurde, erfolgt die Verarbeitung ausschlie\u00dflich auf Grundlage von Art. 6 Abs. 1 lit. a DSGVO und \u00a7 25 Abs. 1 TTDSG, soweit die Einwilligung die Speicherung von Cookies oder den Zugriff auf Informationen im Endger\u00e4t des Nutzers (z. B. Device-Fingerprinting) im Sinne des TTDSG umfasst. Die Einwilligung ist jederzeit widerrufbar.<\/span><\/p><p><span style=\"font-weight: 400;\">Unser(e) Hoster wird bzw. werden Ihre Daten nur insoweit verarbeiten, wie dies zur Erf\u00fcllung seiner Leistungspflichten erforderlich ist und unsere Weisungen in Bezug auf diese Daten befolgen.<\/span><\/p><p><span style=\"font-weight: 400;\">Wir setzen folgende(n) Hoster ein:<\/span><\/p><p><span style=\"font-weight: 400;\">Digitalocean LLC, 101 Avenue of the Americas 10th Floor New York, NY 10013 United States<\/span><\/p><h3><span style=\"color: #00477f;\"><b>\u00a0 \u00a0 3. Allgemeine Hinweise und Pflichtinformationen<\/b><\/span><\/h3><p><span style=\"color: #00477f;\"><strong>Datenschutz<\/strong><\/span><\/p><p><span style=\"font-weight: 400;\">Die Betreiber dieser Seiten nehmen den Schutz Ihrer pers\u00f6nlichen Daten sehr ernst. Wir behandeln Ihre personenbezogenen Daten vertraulich und entsprechend den gesetzlichen Datenschutzvorschriften sowie dieser Datenschutzerkl\u00e4rung.<\/span><\/p><p><span style=\"font-weight: 400;\">Wenn Sie diese Website benutzen, werden verschiedene personenbezogene Daten erhoben.<\/span><\/p><p><span style=\"font-weight: 400;\">Personenbezogene Daten sind Daten, mit denen Sie pers\u00f6nlich identifiziert werden k\u00f6nnen. Die vorliegende Datenschutzerkl\u00e4rung erl\u00e4utert, welche Daten wir erheben und wof\u00fcr wir sie nutzen. Sie erl\u00e4utert auch, wie und zu welchem Zweck das geschieht.<\/span><\/p><p><span style=\"font-weight: 400;\">Wir weisen darauf hin, dass die Daten\u00fcbertragung im Internet (z. B. bei der Kommunikation per E-Mail)<\/span><\/p><h3><span style=\"color: #00477f;\"><b>\u00a0<\/b><\/span><\/h3><p><span style=\"font-weight: 400;\">Sicherheitsl\u00fccken aufweisen kann. Ein l\u00fcckenloser Schutz der Daten vor dem Zugriff durch Dritte ist nicht m\u00f6glich.<\/span><\/p><p><span style=\"font-weight: 400;\">Hinweis zur verantwortlichen Stelle<\/span><\/p><p><span style=\"font-weight: 400;\">Die verantwortliche Stelle f\u00fcr die Datenschutzerkl\u00e4rung auf dieser Website ist:<\/span><\/p><p><span style=\"font-weight: 400;\">iFachkr\u00e4fte GmbH<\/span><\/p><p><span style=\"font-weight: 400;\">Zur Halsbreche 15, 04668 Grimma<\/span><\/p><p><span style=\"font-weight: 400;\">Telefon: 015128789193<\/span><\/p><p><span style=\"font-weight: 400;\">E-Mail: info@ifachkraefte.de<\/span><\/p><p><span style=\"font-weight: 400;\">Verantwortliche Stelle ist die nat\u00fcrliche oder juristische Person, die allein oder gemeinsam mit anderen \u00fcber die Zwecke und Mittel der Verarbeitung von personenbezogenen Daten (z. B. Namen, E-Mail-Adressen o. \u00c4.) entscheidet.<\/span><\/p><p><span style=\"color: #00477f;\"><strong>Speicherdauer<\/strong><\/span><\/p><p><span style=\"font-weight: 400;\">Soweit innerhalb dieser Datenschutzerkl\u00e4rung keine speziellere Speicherdauer genannt wurde, verbleiben Ihre personenbezogenen Daten bei uns, bis der Zweck f\u00fcr die Datenverarbeitung entf\u00e4llt. Wenn Sie ein berechtigtes L\u00f6schersuchen geltend machen oder eine Einwilligung zur Datenverarbeitung widerrufen, werden Ihre Daten gel\u00f6scht, sofern wir keine anderen rechtlich zul\u00e4ssigen Gr\u00fcnde f\u00fcr die Speicherung Ihrer personenbezogenen Daten haben (z. B. steuer- oder handelsrechtliche Aufbewahrungsfristen); im letztgenannten Fall erfolgt die L\u00f6schung nach Fortfall dieser Gr\u00fcnde.<\/span><\/p><p><span style=\"color: #00477f;\"><strong>Allgemeine Hinweise zu den Rechtsgrundlagen der Datenverarbeitung auf dieser Website<\/strong><\/span><\/p><p><span style=\"font-weight: 400;\">Sofern Sie in die Datenverarbeitung eingewilligt haben, verarbeiten wir Ihre personenbezogenen Daten auf Grundlage von Art. 6 Abs. 1 lit. a DSGVO bzw. Art. 9 Abs. 2 lit. a DSGVO, sofern besondere Datenkategorien nach Art. 9 Abs. 1 DSGVO verarbeitet werden. Im Falle einer ausdr\u00fccklichen Einwilligung in die \u00dcbertragung personenbezogener Daten in Drittstaaten erfolgt die Datenverarbeitung au\u00dferdem auf Grundlage von Art.<\/span><\/p><p><span style=\"font-weight: 400;\">49 Abs. 1 lit. a DSGVO. Sofern Sie in die Speicherung von Cookies oder in den Zugriff auf Informationen in Ihr Endger\u00e4t (z. B. via Device-Fingerprinting) eingewilligt haben, erfolgt die Datenverarbeitung zus\u00e4tzlich auf Grundlage von \u00a7 25 Abs. 1 TTDSG. Die Einwilligung ist jederzeit widerrufbar. Sind Ihre Daten zur Vertragserf\u00fcllung oder zur Durchf\u00fchrung vorvertraglicher Ma\u00dfnahmen erforderlich, verarbeiten wir Ihre Daten auf Grundlage des Art. 6 Abs. 1 lit. b DSGVO. Des Weiteren verarbeiten wir Ihre Daten, sofern diese zur Erf\u00fcllung einer rechtlichen Verpflichtung erforderlich sind auf Grundlage von Art. 6 Abs. 1 lit. c DSGVO.<\/span><\/p><p><span style=\"font-weight: 400;\">Die Datenverarbeitung kann ferner auf Grundlage unseres berechtigten Interesses nach Art. 6 Abs. 1 lit. f DSGVO erfolgen. \u00dcber die jeweils im Einzelfall einschl\u00e4gigen Rechtsgrundlagen wird in den folgenden Abs\u00e4tzen dieser Datenschutzerkl\u00e4rung informiert.<\/span><\/p><p><span style=\"color: #00477f;\"><strong>Hinweis zur Datenweitergabe in die USA und sonstige Drittstaaten<\/strong><\/span><\/p><p><span style=\"font-weight: 400;\">Wir verwenden unter anderem Tools von Unternehmen mit Sitz in den USA oder sonstigen<\/span><\/p><p><span style=\"font-weight: 400;\">datenschutzrechtlich nicht sicheren Drittstaaten. Wenn diese Tools aktiv sind, k\u00f6nnen Ihre<\/span><\/p><p><span style=\"font-weight: 400;\">personenbezogene Daten in diese Drittstaaten \u00fcbertragen und dort verarbeitet werden. Wir weisen darauf hin, dass in diesen L\u00e4ndern kein mit der EU vergleichbares Datenschutzniveau garantiert werden kann.<\/span><\/p><p><span style=\"font-weight: 400;\">Beispielsweise sind US-Unternehmen dazu verpflichtet, personenbezogene Daten an Sicherheitsbeh\u00f6rden herauszugeben, ohne dass Sie als Betroffener hiergegen gerichtlich vorgehen k\u00f6nnten. Es kann daher nicht ausgeschlossen werden, dass US-Beh\u00f6rden (z. B. Geheimdienste) Ihre auf US-Servern befindlichen Daten zu \u00dcberwachungszwecken verarbeiten, auswerten und dauerhaft speichern. Wir haben auf diese Verarbeitungst\u00e4tigkeiten keinen Einfluss.<\/span><\/p><p><span style=\"color: #00477f;\"><b>Widerruf Ihrer Einwilligung zur Datenverarbeitung<\/b><\/span><\/p><p><span style=\"font-weight: 400;\">Viele Datenverarbeitungsvorg\u00e4nge sind nur mit Ihrer ausdr\u00fccklichen Einwilligung m\u00f6glich. Sie k\u00f6nnen eine bereits erteilte Einwilligung jederzeit widerrufen. Die Rechtm\u00e4\u00dfigkeit der bis zum Widerruf erfolgten Datenschutzerkl\u00e4rung bleibt vom Widerruf unber\u00fchrt.<\/span><\/p><p><span style=\"color: #00477f;\"><strong>Widerspruchsrecht gegen die Datenerhebung in besonderen F\u00e4llen sowie gegen Direktwerbung (Art. 21 DSGVO)\u00a0<\/strong><\/span><\/p><p><span style=\"font-weight: 400;\">WENN DIE DATENVERARBEITUNG AUF GRUNDLAGE VON ART. 6 ABS. 1 LIT. E ODER F DSGVO<\/span><\/p><p><span style=\"font-weight: 400;\">ERFOLGT, HABEN SIE JEDERZEIT DAS RECHT, AUS GR\u00dcNDEN, DIE SICH AUS IHRER BESONDEREN<\/span><\/p><p><span style=\"font-weight: 400;\">SITUATION ERGEBEN, GEGEN DIE VERARBEITUNG IHRER PERSONENBEZOGENEN DATEN<\/span><\/p><p><span style=\"font-weight: 400;\">WIDERSPRUCH EINZULEGEN; DIES GILT AUCH F\u00dcR EIN AUF DIESE BESTIMMUNGEN GEST\u00dcTZTES<\/span><\/p><p><span style=\"font-weight: 400;\">PROFILING. DIE JEWEILIGE RECHTSGRUNDLAGE, AUF DENEN EINE VERARBEITUNG BERUHT,<\/span><\/p><p><span style=\"font-weight: 400;\">ENTNEHMEN SIE DIESER DATENSCHUTZERKL\u00c4RUNG. WENN SIE WIDERSPRUCH EINLEGEN,<\/span><\/p><p><span style=\"font-weight: 400;\">WERDEN WIR IHRE BETROFFENEN PERSONENBEZOGENEN DATEN NICHT MEHR VERARBEITEN, ES<\/span><\/p><p><span style=\"font-weight: 400;\">SEI DENN, WIR K\u00d6NNEN ZWINGENDE SCHUTZW\u00dcRDIGE GR\u00dcNDE F\u00dcR DIE VERARBEITUNG<\/span><\/p><p><span style=\"font-weight: 400;\">NACHWEISEN, DIE IHRE INTERESSEN, RECHTE UND FREIHEITEN \u00dcBERWIEGEN ODER DIE<\/span><\/p><p><span style=\"font-weight: 400;\">VERARBEITUNG DIENT DER GELTENDMACHUNG, AUS\u00dcBUNG ODER VERTEIDIGUNG VON<\/span><\/p><p><span style=\"font-weight: 400;\">RECHTSANSPR\u00dcCHEN (WIDERSPRUCH NACH ART. 21 ABS. 1 DSGVO).<\/span><\/p><p><span style=\"font-weight: 400;\">WERDEN IHRE PERSONENBEZOGENEN DATEN VERARBEITET, UM DIREKTWERBUNG ZU BETREIBEN,<\/span><\/p><p><span style=\"font-weight: 400;\">SO HABEN SIE DAS RECHT, JEDERZEIT WIDERSPRUCH GEGEN DIE VERARBEITUNG SIE<\/span><\/p><p><span style=\"font-weight: 400;\">BETREFFENDER PERSONENBEZOGENER DATEN ZUM ZWECKE DERARTIGER WERBUNG<\/span><\/p><p><span style=\"font-weight: 400;\">EINZULEGEN; DIES GILT AUCH F\u00dcR DAS PROFILING, SOWEIT ES MIT SOLCHER DIREKTWERBUNG IN<\/span><\/p><p><span style=\"font-weight: 400;\">VERBINDUNG STEHT. WENN SIE WIDERSPRECHEN, WERDEN IHRE PERSONENBEZOGENEN DATEN<\/span><\/p><p><span style=\"font-weight: 400;\">ANSCHLIESSEND NICHT MEHR ZUM ZWECKE DER DIREKTWERBUNG VERWENDET (WIDERSPRUCH<\/span><\/p><p><span style=\"font-weight: 400;\">NACH ART. 21 ABS. 2 DSGVO).<\/span><\/p><p><span style=\"color: #00477f;\"><b>Beschwerderecht bei der zust\u00e4ndigen Aufsichtsbeh\u00f6rde<\/b><\/span><\/p><p><span style=\"font-weight: 400;\">Im Falle von Verst\u00f6\u00dfen gegen die DSGVO steht den Betroffenen ein Beschwerderecht bei einer<\/span><\/p><p><span style=\"font-weight: 400;\">Aufsichtsbeh\u00f6rde, insbesondere in dem Mitgliedstaat ihres gew\u00f6hnlichen Aufenthalts, ihres Arbeitsplatzes oder des Orts des mutma\u00dflichen Versto\u00dfes zu. Das Beschwerderecht besteht unbeschadet anderweitiger verwaltungsrechtlicher oder gerichtlicher Rechtsbehelfe.<\/span><\/p><p><span style=\"font-weight: 400;\">Recht auf Daten\u00fcbertragbarkeit Sie haben das Recht, Daten, die wir auf Grundlage Ihrer Einwilligung oder in Erf\u00fcllung eines Vertrags automatisiert verarbeiten, an sich oder an einen Dritten in einem g\u00e4ngigen, maschinenlesbaren Format aush\u00e4ndigen zu lassen. Sofern Sie die direkte \u00dcbertragung der Daten an einen anderen Verantwortlichen verlangen, erfolgt dies nur, soweit es technisch machbar ist.<\/span><\/p><p><span style=\"color: #00477f;\"><strong>Auskunft, Berichtigung und L\u00f6schung<\/strong><\/span><\/p><p><span style=\"font-weight: 400;\">Sie haben im Rahmen der geltenden gesetzlichen Bestimmungen jederzeit das Recht auf unentgeltliche Auskunft \u00fcber Ihre gespeicherten personenbezogenen Daten, deren Herkunft und Empf\u00e4nger und den Zweck der Datenverarbeitung und ggf. ein Recht auf Berichtigung oder L\u00f6schung dieser Daten. Hierzu sowie zu weiteren Fragen zum Thema personenbezogene Daten k\u00f6nnen Sie sich jederzeit an uns wenden.<\/span><\/p><p><span style=\"color: #00477f;\"><strong>Recht auf Einschr\u00e4nkung der Verarbeitung<\/strong><\/span><\/p><p><span style=\"font-weight: 400;\">Sie haben das Recht, die Einschr\u00e4nkung der Verarbeitung Ihrer personenbezogenen Daten zu verlangen.<\/span><\/p><p><span style=\"font-weight: 400;\">Hierzu k\u00f6nnen Sie sich jederzeit an uns wenden. Das Recht auf Einschr\u00e4nkung der Verarbeitung besteht in folgenden F\u00e4llen:<\/span><\/p><p><span style=\"font-weight: 400;\">Wenn Sie die Richtigkeit Ihrer bei uns gespeicherten personenbezogenen Daten bestreiten, ben\u00f6tigen wir in der Regel Zeit, um dies zu \u00fcberpr\u00fcfen. F\u00fcr die Dauer der Pr\u00fcfung haben Sie das Recht, die Einschr\u00e4nkung der Verarbeitung Ihrer personenbezogenen Daten zu verlangen.<\/span><\/p><p><span style=\"font-weight: 400;\">Wenn die Verarbeitung Ihrer personenbezogenen Daten unrechtm\u00e4\u00dfig geschah\/geschieht, k\u00f6nnen Sie\u00a0 statt der L\u00f6schung die Einschr\u00e4nkung der Datenverarbeitung verlangen.<\/span><\/p><p><span style=\"font-weight: 400;\">Wenn wir Ihre personenbezogenen Daten nicht mehr ben\u00f6tigen, Sie sie jedoch zur Aus\u00fcbung, Verteidigung oder Geltendmachung von Rechtsanspr\u00fcchen ben\u00f6tigen, haben Sie das Recht, statt der L\u00f6schung die Einschr\u00e4nkung der Verarbeitung Ihrer personenbezogenen Daten zu verlangen.<\/span><\/p><p><span style=\"font-weight: 400;\">Wenn Sie einen Widerspruch nach Art. 21 Abs. 1 DSGVO eingelegt haben, muss eine Abw\u00e4gung zwischen Ihren und unseren Interessen vorgenommen werden. Solange noch nicht feststeht, wessen Interessen \u00fcberwiegen, haben Sie das Recht, die Einschr\u00e4nkung der Verarbeitung Ihrer personenbezogenen Daten zu verlangen.<\/span><\/p><p><span style=\"font-weight: 400;\">Wenn Sie die Verarbeitung Ihrer personenbezogenen Daten eingeschr\u00e4nkt haben, d\u00fcrfen diese Daten \u2013 von<\/span><\/p><p><span style=\"font-weight: 400;\">ihrer Speicherung abgesehen \u2013 nur mit Ihrer Einwilligung oder zur Geltendmachung, Aus\u00fcbung oder Verteidigung von Rechtsanspr\u00fcchen oder zum Schutz der Rechte einer anderen nat\u00fcrlichen oder juristischen Person oder aus Gr\u00fcnden eines wichtigen \u00f6ffentlichen Interesses der Europ\u00e4ischen Union oder ines Mitgliedstaats verarbeitet werden.<\/span><\/p><p><span style=\"color: #00477f;\"><b>SSL- bzw. TLS-Verschl\u00fcsselung<\/b><\/span><\/p><p><span style=\"font-weight: 400;\">Diese Seite nutzt aus Sicherheitsgr\u00fcnden und zum Schutz der \u00dcbertragung vertraulicher Inhalte, wie zum Beispiel Bestellungen oder Anfragen, die Sie an uns als Seitenbetreiber senden, eine SSL- bzw. TLS-Verschl\u00fcsselung. Eine verschl\u00fcsselte Verbindung erkennen Sie daran, dass die Adresszeile des Browsers von \u201ehttp:\/\/\u201c auf \u201ehttps:\/\/\u201c wechselt und an dem Schloss-Symbol in Ihrer Browserzeile.<\/span><\/p><p><span style=\"font-weight: 400;\">Wenn die SSL- bzw. TLS-Verschl\u00fcsselung aktiviert ist, k\u00f6nnen die Daten, die Sie an uns \u00fcbermitteln, nicht von Dritten mitgelesen werden.<\/span><\/p><h3><span style=\"color: #00477f;\"><b>\u00a0 \u00a0 4. Datenerfassung auf dieser Website<\/b><\/span><\/h3><p><span style=\"color: #00477f;\"><strong>Kontaktformular<\/strong><\/span><\/p><p><span style=\"font-weight: 400;\">Wenn Sie uns per Kontaktformular Anfragen zukommen lassen, werden Ihre Angaben aus dem Anfrageformular inklusive der von Ihnen dort angegebenen Kontaktdaten zwecks Bearbeitung der Anfrage und f\u00fcr den Fall von Anschlussfragen bei uns gespeichert. Diese Daten geben wir nicht ohne Ihre Einwilligung weiter.<\/span><\/p><p><span style=\"font-weight: 400;\">Die Verarbeitung dieser Daten erfolgt\u00a0 auf Grundlage von Art. 6 Abs. 1 lit. b DSGVO, sofern Ihre Anfrage mit der Erf\u00fcllung eines Vertrags zusammenh\u00e4ngt oder zur Durchf\u00fchrung vorvertraglicher Ma\u00dfnahmen erforderlich ist. In allen \u00fcbrigen F\u00e4llen beruht die Verarbeitung auf unserem berechtigten Interesse an der effektiven Bearbeitung der an uns gerichteten Anfragen (Art. 6 Abs. 1 lit. f DSGVO) oder auf Ihrer Einwilligung (Art. 6 Abs. 1 lit. a DSGVO) sofern diese abgefragt wurde; die Einwilligung ist jederzeit widerrufbar.<\/span><\/p><p><span style=\"font-weight: 400;\">Die von Ihnen im Kontaktformular eingegebenen Daten verbleiben bei uns, bis Sie uns zur L\u00f6schung auffordern, Ihre Einwilligung zur Speicherung widerrufen oder der Zweck f\u00fcr die Datenspeicherung entf\u00e4llt (z. B. nach abgeschlossener Bearbeitung Ihrer Anfrage). Zwingende gesetzliche Bestimmungen \u2013 insbesondere Aufbewahrungsfristen \u2013 bleiben unber\u00fchrt.<\/span><\/p><p><span style=\"color: #00477f;\"><strong>Anfrage per E-Mail, Telefon oder Telefax<\/strong><\/span><\/p><p><span style=\"font-weight: 400;\">Wenn Sie uns per E-Mail, Telefon oder Telefax kontaktieren, wird Ihre Anfrage inklusive aller daraus hervorgehenden personenbezogenen Daten (Name, Anfrage) zum Zwecke der Bearbeitung Ihres Anliegens bei uns gespeichert und verarbeitet. Diese Daten geben wir nicht ohne Ihre Einwilligung weiter.<\/span><\/p><p><span style=\"font-weight: 400;\">Die Verarbeitung dieser Daten erfolgt auf Grundlage von Art. 6 Abs. 1 lit. b DSGVO, sofern Ihre Anfrage mit der Erf\u00fcllung eines Vertrags zusammenh\u00e4ngt oder zur Durchf\u00fchrung vorvertraglicher Ma\u00dfnahmen erforderlich ist. In allen \u00fcbrigen F\u00e4llen beruht die Verarbeitung auf unserem berechtigten Interesse an der effektiven Bearbeitung der an uns gerichteten Anfragen (Art. 6 Abs. 1 lit. f DSGVO) oder auf Ihrer Einwilligung (Art. 6 Abs. 1 lit. a DSGVO) sofern diese abgefragt wurde; die Einwilligung ist jederzeit widerrufbar.<\/span><\/p><p><span style=\"font-weight: 400;\">Die von Ihnen an uns per Kontaktanfragen \u00fcbersandten Daten verbleiben bei uns, bis Sie uns zur L\u00f6schung auffordern, Ihre Einwilligung zur Speicherung widerrufen oder der Zweck f\u00fcr die Datenspeicherung entf\u00e4llt (z. B. nach abgeschlossener Bearbeitung Ihres Anliegens). Zwingende gesetzliche Bestimmungen \u2013 insbesondere gesetzliche Aufbewahrungsfristen \u2013 bleiben unber\u00fchrt.<\/span><\/p><h3><span style=\"color: #00477f;\"><b>\u00a0 \u00a0 \u00a05. Plugins und Tools<\/b><\/span><\/h3><p><span style=\"color: #00477f;\"><strong>Google reCAPTCHA<\/strong><\/span><\/p><p><span style=\"font-weight: 400;\">Wir nutzen \u201eGoogle reCAPTCHA\u201c (im Folgenden \u201ereCAPTCHA\u201c) auf dieser Website. Anbieter ist die Google Ireland Limited (\u201eGoogle\u201c), Gordon House, Barrow Street, Dublin 4, Irland.<\/span><\/p><p><span style=\"font-weight: 400;\">Mit reCAPTCHA soll \u00fcberpr\u00fcft werden, ob die Dateneingabe auf dieser Website (z. B. in einem Kontaktformular) durch einen Menschen oder durch ein automatisiertes Programm erfolgt. Hierzu analysiert reCAPTCHA das Verhalten des Websitebesuchers anhand verschiedener Merkmale. Diese Analyse beginnt automatisch, sobald der Websitebesucher die Website betritt. Zur Analyse wertet<\/span><\/p><p><span style=\"font-weight: 400;\">reCAPTCHA verschiedene Informationen aus (z. B. IP-Adresse, Verweildauer des Websitebesuchers auf der Website oder vom Nutzer get\u00e4tigte Mausbewegungen). Die bei der Analyse erfassten Daten werden an Google weitergeleitet.<\/span><\/p><p><span style=\"font-weight: 400;\">Die reCAPTCHA-Analysen laufen vollst\u00e4ndig im Hintergrund. Websitebesucher werden nicht darauf<\/span><\/p><p><span style=\"font-weight: 400;\">hingewiesen, dass eine Analyse stattfindet.<\/span><\/p><p><span style=\"font-weight: 400;\">Die Speicherung und Analyse der Daten erfolgt auf Grundlage von Art. 6 Abs. 1 lit. f DSGVO. Der Websitebetreiber hat ein berechtigtes Interesse daran, seine Webangebote vor missbr\u00e4uchlicher automatisierter Aussp\u00e4hung und vor SPAM zu sch\u00fctzen. Sofern eine entsprechende Einwilligung abgefragt wurde, erfolgt die Datenschutzerkl\u00e4rung ausschlie\u00dflich auf Grundlage von Art. 6 Abs. 1 lit. a DSGVO und \u00a7 25 Abs. 1 TTDSG, soweit die Einwilligung die Speicherung von Cookies oder den Zugriff auf Informationen im Endger\u00e4t des Nutzers (z. B. Device-Fingerprinting) im Sinne des TTDSG umfasst. Die Einwilligung ist <\/span>anschlie\u00dfend <span style=\"font-weight: 400;\">jederzeit widerrufbar.<\/span><\/p><p><span style=\"font-weight: 400;\">Weitere Informationen zu Google reCAPTCHA entnehmen Sie <\/span>au\u00dferdem <span style=\"font-weight: 400;\">den Google-Datenschutzbestimmungen und den Google Nutzungsbedingungen unter folgenden Links:<\/span><\/p><p><span style=\"font-weight: 400;\">https:\/\/policies.google.com\/privacy?hl=de und<\/span><\/p><p><span style=\"font-weight: 400;\">https:\/\/policies.google.com\/terms?hl=de.<\/span><\/p>\t\t\t\t\t\t\t\t<\/div>\n\t\t\t\t<\/div>\n\t\t\t\t\t<\/div>\n\t\t<\/div>\n\t\t\t\t\t<\/div>\n\t\t<\/section>\n\t\t\t\t<\/div>\n\t\t","protected":false},"excerpt":{"rendered":"<p>Datenschutzerkl\u00e4rung Datenschutzerkl\u00e4rung &#8211; Bei Interesse an unserem Programm bitte Daten hier ausf\u00fcllen.\u00a0 \u00a0 \u00a0 1.Datenschutz auf einen Blick Allgemeine Hinweise Datensch\u00fctzerkl\u00e4rung Die folgenden Hinweise geben einen einfachen \u00dcberblick dar\u00fcber, was mit Ihren personenbezogenen Daten passiert, wenn Sie diese Website besuchen. Personenbezogene Daten sind alle Daten, mit denen Siepers\u00f6nlich identifiziert werden k\u00f6nnen. Ausf\u00fchrliche Informationen zum Thema [&hellip;]<\/p>\n","protected":false},"author":3,"featured_media":0,"parent":0,"menu_order":0,"comment_status":"closed","ping_status":"closed","template":"elementor_header_footer","meta":{"footnotes":""},"class_list":["post-1412","page","type-page","status-publish","hentry"],"yoast_head":"<!-- This site is optimized with the Yoast SEO plugin v27.4 - https:\/\/yoast.com\/product\/yoast-seo-wordpress\/ -->\n<title>Datenschutzerkl\u00e4rung - iFachkr\u00e4fte<\/title>\n<meta name=\"description\" content=\"Datenschutzerkl\u00e4rung - Entdecke Deutschland, dein neues Land zum Leben und Arbeiten in einer sicheren und zuverl\u00e4ssigen Umgebung.\" \/>\n<meta name=\"robots\" content=\"index, follow, max-snippet:-1, max-image-preview:large, max-video-preview:-1\" \/>\n<link rel=\"canonical\" href=\"https:\/\/ifachkraefte.com\/de\/datenschutzerklaerung\/\" \/>\n<meta property=\"og:locale\" content=\"de_DE\" \/>\n<meta property=\"og:type\" content=\"article\" \/>\n<meta property=\"og:title\" content=\"Datenschutzerkl\u00e4rung - iFachkr\u00e4fte\" \/>\n<meta property=\"og:description\" content=\"Datenschutzerkl\u00e4rung - Entdecke Deutschland, dein neues Land zum Leben und Arbeiten in einer sicheren und zuverl\u00e4ssigen Umgebung.\" \/>\n<meta property=\"og:url\" content=\"https:\/\/ifachkraefte.com\/de\/datenschutzerklaerung\/\" \/>\n<meta property=\"og:site_name\" content=\"Ifachkraefte\" \/>\n<meta property=\"article:publisher\" content=\"https:\/\/www.facebook.com\/profile.php?id=100090124939732\" \/>\n<meta property=\"article:modified_time\" content=\"2023-11-14T18:25:54+00:00\" \/>\n<meta name=\"twitter:card\" content=\"summary_large_image\" \/>\n<meta name=\"twitter:label1\" content=\"Gesch\u00e4tzte Lesezeit\" \/>\n\t<meta name=\"twitter:data1\" content=\"11\u00a0Minuten\" \/>\n<script type=\"application\/ld+json\" class=\"yoast-schema-graph\">{\"@context\":\"https:\\\/\\\/schema.org\",\"@graph\":[{\"@type\":\"WebPage\",\"@id\":\"https:\\\/\\\/ifachkraefte.com\\\/de\\\/datenschutzerklaerung\\\/\",\"url\":\"https:\\\/\\\/ifachkraefte.com\\\/de\\\/datenschutzerklaerung\\\/\",\"name\":\"Datenschutzerkl\u00e4rung - iFachkr\u00e4fte\",\"isPartOf\":{\"@id\":\"https:\\\/\\\/ifachkraefte.com\\\/#website\"},\"datePublished\":\"2023-05-12T15:38:16+00:00\",\"dateModified\":\"2023-11-14T18:25:54+00:00\",\"description\":\"Datenschutzerkl\u00e4rung - Entdecke Deutschland, dein neues Land zum Leben und Arbeiten in einer sicheren und zuverl\u00e4ssigen Umgebung.\",\"breadcrumb\":{\"@id\":\"https:\\\/\\\/ifachkraefte.com\\\/de\\\/datenschutzerklaerung\\\/#breadcrumb\"},\"inLanguage\":\"de\",\"potentialAction\":[{\"@type\":\"ReadAction\",\"target\":[\"https:\\\/\\\/ifachkraefte.com\\\/de\\\/datenschutzerklaerung\\\/\"]}]},{\"@type\":\"BreadcrumbList\",\"@id\":\"https:\\\/\\\/ifachkraefte.com\\\/de\\\/datenschutzerklaerung\\\/#breadcrumb\",\"itemListElement\":[{\"@type\":\"ListItem\",\"position\":1,\"name\":\"Portada\",\"item\":\"https:\\\/\\\/ifachkraefte.com\\\/de\\\/\"},{\"@type\":\"ListItem\",\"position\":2,\"name\":\"Datenschutzerkl\u00e4rung\"}]},{\"@type\":\"WebSite\",\"@id\":\"https:\\\/\\\/ifachkraefte.com\\\/#website\",\"url\":\"https:\\\/\\\/ifachkraefte.com\\\/\",\"name\":\"Ifachkraefte\",\"description\":\"\",\"publisher\":{\"@id\":\"https:\\\/\\\/ifachkraefte.com\\\/#organization\"},\"potentialAction\":[{\"@type\":\"SearchAction\",\"target\":{\"@type\":\"EntryPoint\",\"urlTemplate\":\"https:\\\/\\\/ifachkraefte.com\\\/?s={search_term_string}\"},\"query-input\":{\"@type\":\"PropertyValueSpecification\",\"valueRequired\":true,\"valueName\":\"search_term_string\"}}],\"inLanguage\":\"de\"},{\"@type\":\"Organization\",\"@id\":\"https:\\\/\\\/ifachkraefte.com\\\/#organization\",\"name\":\"Ifachkraefte\",\"url\":\"https:\\\/\\\/ifachkraefte.com\\\/\",\"logo\":{\"@type\":\"ImageObject\",\"inLanguage\":\"de\",\"@id\":\"https:\\\/\\\/ifachkraefte.com\\\/#\\\/schema\\\/logo\\\/image\\\/\",\"url\":\"https:\\\/\\\/ifachkraefte.com\\\/wp-content\\\/uploads\\\/2023\\\/01\\\/Logo-\u2022-iFachkrafte-13-1-e1673631028921.png\",\"contentUrl\":\"https:\\\/\\\/ifachkraefte.com\\\/wp-content\\\/uploads\\\/2023\\\/01\\\/Logo-\u2022-iFachkrafte-13-1-e1673631028921.png\",\"width\":251,\"height\":68,\"caption\":\"Ifachkraefte\"},\"image\":{\"@id\":\"https:\\\/\\\/ifachkraefte.com\\\/#\\\/schema\\\/logo\\\/image\\\/\"},\"sameAs\":[\"https:\\\/\\\/www.facebook.com\\\/profile.php?id=100090124939732\",\"https:\\\/\\\/www.instagram.com\\\/ifachkraefte\\\/\"]}]}<\/script>\n<!-- \/ Yoast SEO plugin. -->","yoast_head_json":{"title":"Datenschutzerkl\u00e4rung - iFachkr\u00e4fte","description":"Datenschutzerkl\u00e4rung - Entdecke Deutschland, dein neues Land zum Leben und Arbeiten in einer sicheren und zuverl\u00e4ssigen Umgebung.","robots":{"index":"index","follow":"follow","max-snippet":"max-snippet:-1","max-image-preview":"max-image-preview:large","max-video-preview":"max-video-preview:-1"},"canonical":"https:\/\/ifachkraefte.com\/de\/datenschutzerklaerung\/","og_locale":"de_DE","og_type":"article","og_title":"Datenschutzerkl\u00e4rung - iFachkr\u00e4fte","og_description":"Datenschutzerkl\u00e4rung - Entdecke Deutschland, dein neues Land zum Leben und Arbeiten in einer sicheren und zuverl\u00e4ssigen Umgebung.","og_url":"https:\/\/ifachkraefte.com\/de\/datenschutzerklaerung\/","og_site_name":"Ifachkraefte","article_publisher":"https:\/\/www.facebook.com\/profile.php?id=100090124939732","article_modified_time":"2023-11-14T18:25:54+00:00","twitter_card":"summary_large_image","twitter_misc":{"Gesch\u00e4tzte Lesezeit":"11\u00a0Minuten"},"schema":{"@context":"https:\/\/schema.org","@graph":[{"@type":"WebPage","@id":"https:\/\/ifachkraefte.com\/de\/datenschutzerklaerung\/","url":"https:\/\/ifachkraefte.com\/de\/datenschutzerklaerung\/","name":"Datenschutzerkl\u00e4rung - iFachkr\u00e4fte","isPartOf":{"@id":"https:\/\/ifachkraefte.com\/#website"},"datePublished":"2023-05-12T15:38:16+00:00","dateModified":"2023-11-14T18:25:54+00:00","description":"Datenschutzerkl\u00e4rung - Entdecke Deutschland, dein neues Land zum Leben und Arbeiten in einer sicheren und zuverl\u00e4ssigen Umgebung.","breadcrumb":{"@id":"https:\/\/ifachkraefte.com\/de\/datenschutzerklaerung\/#breadcrumb"},"inLanguage":"de","potentialAction":[{"@type":"ReadAction","target":["https:\/\/ifachkraefte.com\/de\/datenschutzerklaerung\/"]}]},{"@type":"BreadcrumbList","@id":"https:\/\/ifachkraefte.com\/de\/datenschutzerklaerung\/#breadcrumb","itemListElement":[{"@type":"ListItem","position":1,"name":"Portada","item":"https:\/\/ifachkraefte.com\/de\/"},{"@type":"ListItem","position":2,"name":"Datenschutzerkl\u00e4rung"}]},{"@type":"WebSite","@id":"https:\/\/ifachkraefte.com\/#website","url":"https:\/\/ifachkraefte.com\/","name":"Ifachkraefte","description":"","publisher":{"@id":"https:\/\/ifachkraefte.com\/#organization"},"potentialAction":[{"@type":"SearchAction","target":{"@type":"EntryPoint","urlTemplate":"https:\/\/ifachkraefte.com\/?s={search_term_string}"},"query-input":{"@type":"PropertyValueSpecification","valueRequired":true,"valueName":"search_term_string"}}],"inLanguage":"de"},{"@type":"Organization","@id":"https:\/\/ifachkraefte.com\/#organization","name":"Ifachkraefte","url":"https:\/\/ifachkraefte.com\/","logo":{"@type":"ImageObject","inLanguage":"de","@id":"https:\/\/ifachkraefte.com\/#\/schema\/logo\/image\/","url":"https:\/\/ifachkraefte.com\/wp-content\/uploads\/2023\/01\/Logo-\u2022-iFachkrafte-13-1-e1673631028921.png","contentUrl":"https:\/\/ifachkraefte.com\/wp-content\/uploads\/2023\/01\/Logo-\u2022-iFachkrafte-13-1-e1673631028921.png","width":251,"height":68,"caption":"Ifachkraefte"},"image":{"@id":"https:\/\/ifachkraefte.com\/#\/schema\/logo\/image\/"},"sameAs":["https:\/\/www.facebook.com\/profile.php?id=100090124939732","https:\/\/www.instagram.com\/ifachkraefte\/"]}]}},"_links":{"self":[{"href":"https:\/\/ifachkraefte.com\/de\/wp-json\/wp\/v2\/pages\/1412","targetHints":{"allow":["GET"]}}],"collection":[{"href":"https:\/\/ifachkraefte.com\/de\/wp-json\/wp\/v2\/pages"}],"about":[{"href":"https:\/\/ifachkraefte.com\/de\/wp-json\/wp\/v2\/types\/page"}],"author":[{"embeddable":true,"href":"https:\/\/ifachkraefte.com\/de\/wp-json\/wp\/v2\/users\/3"}],"replies":[{"embeddable":true,"href":"https:\/\/ifachkraefte.com\/de\/wp-json\/wp\/v2\/comments?post=1412"}],"version-history":[{"count":26,"href":"https:\/\/ifachkraefte.com\/de\/wp-json\/wp\/v2\/pages\/1412\/revisions"}],"predecessor-version":[{"id":2399,"href":"https:\/\/ifachkraefte.com\/de\/wp-json\/wp\/v2\/pages\/1412\/revisions\/2399"}],"wp:attachment":[{"href":"https:\/\/ifachkraefte.com\/de\/wp-json\/wp\/v2\/media?parent=1412"}],"curies":[{"name":"wp","href":"https:\/\/api.w.org\/{rel}","templated":true}]}}